{"id":551,"date":"2018-07-08T04:59:27","date_gmt":"2018-07-07T23:59:27","guid":{"rendered":"https:\/\/prometeo.work\/?page_id=551"},"modified":"2022-03-22T23:45:06","modified_gmt":"2022-03-22T18:45:06","slug":"publicaciones","status":"publish","type":"page","link":"https:\/\/colombianistas.org\/wordpress\/index.php\/biblioteca-colombianista\/publicaciones\/","title":{"rendered":"Publicaciones"},"content":{"rendered":"\n\n<style>\n\n<\/style><div id=\"a-z-listing-1\" class=\"az-listing\">\n\t<div class=\"az-letters-wrap\">\n\t\t<div class=\"az-letters\">\n\t\t\t<ul class=\"az-links\"><li class=\"first odd no-posts\"><span>A<\/span><\/li><li class=\"even no-posts\"><span>B<\/span><\/li><li class=\"odd has-posts\"><a href=\"#a-z-listing-letter-C-1\"><span>C<\/span><\/a><\/li><li class=\"even no-posts\"><span>D<\/span><\/li><li class=\"odd has-posts\"><a href=\"#a-z-listing-letter-E-1\"><span>E<\/span><\/a><\/li><li class=\"even no-posts\"><span>F<\/span><\/li><li class=\"odd has-posts\"><a href=\"#a-z-listing-letter-G-1\"><span>G<\/span><\/a><\/li><li class=\"even no-posts\"><span>H<\/span><\/li><li class=\"odd no-posts\"><span>I<\/span><\/li><li class=\"even has-posts\"><a href=\"#a-z-listing-letter-J-1\"><span>J<\/span><\/a><\/li><li class=\"odd no-posts\"><span>K<\/span><\/li><li class=\"even no-posts\"><span>L<\/span><\/li><li class=\"odd no-posts\"><span>M<\/span><\/li><li class=\"even no-posts\"><span>N<\/span><\/li><li class=\"odd no-posts\"><span>O<\/span><\/li><li class=\"even no-posts\"><span>P<\/span><\/li><li class=\"odd no-posts\"><span>Q<\/span><\/li><li class=\"even has-posts\"><a href=\"#a-z-listing-letter-R-1\"><span>R<\/span><\/a><\/li><li class=\"odd has-posts\"><a href=\"#a-z-listing-letter-S-1\"><span>S<\/span><\/a><\/li><li class=\"even has-posts\"><a href=\"#a-z-listing-letter-T-1\"><span>T<\/span><\/a><\/li><li class=\"odd no-posts\"><span>U<\/span><\/li><li class=\"even no-posts\"><span>V<\/span><\/li><li class=\"odd no-posts\"><span>W<\/span><\/li><li class=\"even no-posts\"><span>X<\/span><\/li><li class=\"odd no-posts\"><span>Y<\/span><\/li><li class=\"last even no-posts\"><span>Z<\/span><\/li><\/ul>\t\t<\/div>\n\t<\/div>\n\t\t<div class=\"items-outer\">\n\t\t<div class=\"items-inner\">\n\t\t\t\t\t\t\t\t\t\t\t\t\t\t\t\t\t\t\t\t\t\t\t\t\t<div class=\"letter-section\" id=\"a-z-listing-letter-C-1\">\n\t\t\t\t\t\t<h2 class=\"letter-title\">\n\t\t\t\t\t\t\t<span>\n\t\t\t\t\t\t\t\tC\t\t\t\t\t\t\t<\/span>\n\t\t\t\t\t\t<\/h2>\n\t\t\t\t\t\t\t\t\t\t\t\t<ul class=\"az-columns max-1-columns\">\n\t\t\t\t\t\t\t\t\t\t\t\t\t\t\t<li>\n\t\t\t\t\t\t\t\t\t<a href=\"https:\/\/colombianistas.org\/wordpress\/index.php\/2018\/07\/07\/caicedo-luis-475\/\">\n\t\t\t\t\t\t\t\t\t\tCaicedo, Luis. 475 a\u00f1os del viaje de Juan Vadillo\t\t\t\t\t\t\t\t\t<\/a>\n\t\t\t\t\t\t\t\t<\/li>\n\t\t\t\t\t\t\t\t\t\t\t\t\t\t\t<li>\n\t\t\t\t\t\t\t\t\t<a href=\"https:\/\/colombianistas.org\/wordpress\/index.php\/2023\/04\/27\/cartografias-cosmopolitas-leon-de-greiff-y-la-tradicion-literaria\/\">\n\t\t\t\t\t\t\t\t\t\tCartograf\u00edas cosmopolitas: Le\u00f3n de Greiff y la tradici\u00f3n literaria\t\t\t\t\t\t\t\t\t<\/a>\n\t\t\t\t\t\t\t\t<\/li>\n\t\t\t\t\t\t\t\t\t\t\t\t\t\t\t<li>\n\t\t\t\t\t\t\t\t\t<a href=\"https:\/\/colombianistas.org\/wordpress\/index.php\/2018\/07\/07\/colectivo-de-trabajo-jenzera-suicidios-adolescentes\/\">\n\t\t\t\t\t\t\t\t\t\tColectivo de Trabajo Jenzera. Suicidios adolescentes\t\t\t\t\t\t\t\t\t<\/a>\n\t\t\t\t\t\t\t\t<\/li>\n\t\t\t\t\t\t\t\t\t\t\t\t\t<\/ul>\n\n\t\t\t\t\t\t<div class=\"back-to-top\">\n\t\t\t\t\t\t\t<a href=\"#a-z-listing-1\">\n\t\t\t\t\t\t\t\tBack to top\t\t\t\t\t\t\t<\/a>\n\t\t\t\t\t\t<\/div>\n\t\t\t\t\t<\/div>\n\t\t\t\t\t\t\t\t\t\t\t\t\t\t\t\t\t\t\t\t\t\t\t<div class=\"letter-section\" id=\"a-z-listing-letter-E-1\">\n\t\t\t\t\t\t<h2 class=\"letter-title\">\n\t\t\t\t\t\t\t<span>\n\t\t\t\t\t\t\t\tE\t\t\t\t\t\t\t<\/span>\n\t\t\t\t\t\t<\/h2>\n\t\t\t\t\t\t\t\t\t\t\t\t<ul class=\"az-columns max-1-columns\">\n\t\t\t\t\t\t\t\t\t\t\t\t\t\t\t<li>\n\t\t\t\t\t\t\t\t\t<a href=\"https:\/\/colombianistas.org\/wordpress\/index.php\/2023\/04\/27\/en-estado-de-sitio-los-kunas-en-uraba\/\">\n\t\t\t\t\t\t\t\t\t\tEn Estado De Sitio: Los Kunas en Urab\u00e1\t\t\t\t\t\t\t\t\t<\/a>\n\t\t\t\t\t\t\t\t<\/li>\n\t\t\t\t\t\t\t\t\t\t\t\t\t\t\t<li>\n\t\t\t\t\t\t\t\t\t<a href=\"https:\/\/colombianistas.org\/wordpress\/index.php\/2023\/04\/26\/espectaculo-normalizacion-y-representaciones-otras\/\">\n\t\t\t\t\t\t\t\t\t\tEspect\u00e1culo, normalizaci\u00f3n y representaciones otras\t\t\t\t\t\t\t\t\t<\/a>\n\t\t\t\t\t\t\t\t<\/li>\n\t\t\t\t\t\t\t\t\t\t\t\t\t<\/ul>\n\n\t\t\t\t\t\t<div class=\"back-to-top\">\n\t\t\t\t\t\t\t<a href=\"#a-z-listing-1\">\n\t\t\t\t\t\t\t\tBack to top\t\t\t\t\t\t\t<\/a>\n\t\t\t\t\t\t<\/div>\n\t\t\t\t\t<\/div>\n\t\t\t\t\t\t\t\t\t\t\t\t\t\t\t\t\t\t\t\t\t\t\t<div class=\"letter-section\" id=\"a-z-listing-letter-G-1\">\n\t\t\t\t\t\t<h2 class=\"letter-title\">\n\t\t\t\t\t\t\t<span>\n\t\t\t\t\t\t\t\tG\t\t\t\t\t\t\t<\/span>\n\t\t\t\t\t\t<\/h2>\n\t\t\t\t\t\t\t\t\t\t\t\t<ul class=\"az-columns max-1-columns\">\n\t\t\t\t\t\t\t\t\t\t\t\t\t\t\t<li>\n\t\t\t\t\t\t\t\t\t<a href=\"https:\/\/colombianistas.org\/wordpress\/index.php\/2020\/09\/01\/george-palacios-manuel-zapata-olivella-1920-2004\/\">\n\t\t\t\t\t\t\t\t\t\tGeorge Palacios. Manuel Zapata Olivella (1920-2004)\t\t\t\t\t\t\t\t\t<\/a>\n\t\t\t\t\t\t\t\t<\/li>\n\t\t\t\t\t\t\t\t\t\t\t\t\t<\/ul>\n\n\t\t\t\t\t\t<div class=\"back-to-top\">\n\t\t\t\t\t\t\t<a href=\"#a-z-listing-1\">\n\t\t\t\t\t\t\t\tBack to top\t\t\t\t\t\t\t<\/a>\n\t\t\t\t\t\t<\/div>\n\t\t\t\t\t<\/div>\n\t\t\t\t\t\t\t\t\t\t\t\t\t\t\t\t\t\t\t\t\t\t\t\t\t\t\t<div class=\"letter-section\" id=\"a-z-listing-letter-J-1\">\n\t\t\t\t\t\t<h2 class=\"letter-title\">\n\t\t\t\t\t\t\t<span>\n\t\t\t\t\t\t\t\tJ\t\t\t\t\t\t\t<\/span>\n\t\t\t\t\t\t<\/h2>\n\t\t\t\t\t\t\t\t\t\t\t\t<ul class=\"az-columns max-1-columns\">\n\t\t\t\t\t\t\t\t\t\t\t\t\t\t\t<li>\n\t\t\t\t\t\t\t\t\t<a href=\"https:\/\/colombianistas.org\/wordpress\/index.php\/2021\/06\/29\/john-t-maddox-iv-challenging-the-black-atlantic\/\">\n\t\t\t\t\t\t\t\t\t\tJohn T. Maddox IV. Challenging the Black Atlantic\t\t\t\t\t\t\t\t\t<\/a>\n\t\t\t\t\t\t\t\t<\/li>\n\t\t\t\t\t\t\t\t\t\t\t\t\t<\/ul>\n\n\t\t\t\t\t\t<div class=\"back-to-top\">\n\t\t\t\t\t\t\t<a href=\"#a-z-listing-1\">\n\t\t\t\t\t\t\t\tBack to top\t\t\t\t\t\t\t<\/a>\n\t\t\t\t\t\t<\/div>\n\t\t\t\t\t<\/div>\n\t\t\t\t\t\t\t\t\t\t\t\t\t\t\t\t\t\t\t\t\t\t\t\t\t\t\t\t\t\t\t\t\t\t\t\t\t\t\t\t\t\t\t\t\t\t\t<div class=\"letter-section\" id=\"a-z-listing-letter-R-1\">\n\t\t\t\t\t\t<h2 class=\"letter-title\">\n\t\t\t\t\t\t\t<span>\n\t\t\t\t\t\t\t\tR\t\t\t\t\t\t\t<\/span>\n\t\t\t\t\t\t<\/h2>\n\t\t\t\t\t\t\t\t\t\t\t\t<ul class=\"az-columns max-1-columns\">\n\t\t\t\t\t\t\t\t\t\t\t\t\t\t\t<li>\n\t\t\t\t\t\t\t\t\t<a href=\"https:\/\/colombianistas.org\/wordpress\/index.php\/2020\/06\/25\/ramirez-maria-paisajes-sonoros\/\">\n\t\t\t\t\t\t\t\t\t\tRam\u00edrez, Mar\u00eda del Pilar. Paisajes sonoros del retorno palma de aceite, despojo y culturas de paz en el postconflicto colombiano\t\t\t\t\t\t\t\t\t<\/a>\n\t\t\t\t\t\t\t\t<\/li>\n\t\t\t\t\t\t\t\t\t\t\t\t\t\t\t<li>\n\t\t\t\t\t\t\t\t\t<a href=\"https:\/\/colombianistas.org\/wordpress\/index.php\/2020\/06\/25\/reyes-ruiz-rafael-la-herencia\/\">\n\t\t\t\t\t\t\t\t\t\tReyes-Ruiz, Rafael. La herencia\t\t\t\t\t\t\t\t\t<\/a>\n\t\t\t\t\t\t\t\t<\/li>\n\t\t\t\t\t\t\t\t\t\t\t\t\t\t\t<li>\n\t\t\t\t\t\t\t\t\t<a href=\"https:\/\/colombianistas.org\/wordpress\/index.php\/2018\/07\/07\/rodriguez-freyle-el-carnero-1859\/\">\n\t\t\t\t\t\t\t\t\t\tRodri\u0301guez Freyle, El carnero. 1859\t\t\t\t\t\t\t\t\t<\/a>\n\t\t\t\t\t\t\t\t<\/li>\n\t\t\t\t\t\t\t\t\t\t\t\t\t\t\t<li>\n\t\t\t\t\t\t\t\t\t<a href=\"https:\/\/colombianistas.org\/wordpress\/index.php\/2018\/07\/07\/rodriguez-freyle-el-carnero-1795\/\">\n\t\t\t\t\t\t\t\t\t\tRodri\u0301guez Freyle. El carnero 1795\t\t\t\t\t\t\t\t\t<\/a>\n\t\t\t\t\t\t\t\t<\/li>\n\t\t\t\t\t\t\t\t\t\t\t\t\t<\/ul>\n\n\t\t\t\t\t\t<div class=\"back-to-top\">\n\t\t\t\t\t\t\t<a href=\"#a-z-listing-1\">\n\t\t\t\t\t\t\t\tBack to top\t\t\t\t\t\t\t<\/a>\n\t\t\t\t\t\t<\/div>\n\t\t\t\t\t<\/div>\n\t\t\t\t\t\t\t\t\t\t\t\t\t\t\t\t\t\t\t<div class=\"letter-section\" id=\"a-z-listing-letter-S-1\">\n\t\t\t\t\t\t<h2 class=\"letter-title\">\n\t\t\t\t\t\t\t<span>\n\t\t\t\t\t\t\t\tS\t\t\t\t\t\t\t<\/span>\n\t\t\t\t\t\t<\/h2>\n\t\t\t\t\t\t\t\t\t\t\t\t<ul class=\"az-columns max-1-columns\">\n\t\t\t\t\t\t\t\t\t\t\t\t\t\t\t<li>\n\t\t\t\t\t\t\t\t\t<a href=\"https:\/\/colombianistas.org\/wordpress\/index.php\/2023\/04\/26\/santiago-perez-triana-1858-1916\/\">\n\t\t\t\t\t\t\t\t\t\tSantiago P\u00e9rez Triana (1858-1916)\t\t\t\t\t\t\t\t\t<\/a>\n\t\t\t\t\t\t\t\t<\/li>\n\t\t\t\t\t\t\t\t\t\t\t\t\t<\/ul>\n\n\t\t\t\t\t\t<div class=\"back-to-top\">\n\t\t\t\t\t\t\t<a href=\"#a-z-listing-1\">\n\t\t\t\t\t\t\t\tBack to top\t\t\t\t\t\t\t<\/a>\n\t\t\t\t\t\t<\/div>\n\t\t\t\t\t<\/div>\n\t\t\t\t\t\t\t\t\t\t\t\t\t\t\t\t\t\t\t<div class=\"letter-section\" id=\"a-z-listing-letter-T-1\">\n\t\t\t\t\t\t<h2 class=\"letter-title\">\n\t\t\t\t\t\t\t<span>\n\t\t\t\t\t\t\t\tT\t\t\t\t\t\t\t<\/span>\n\t\t\t\t\t\t<\/h2>\n\t\t\t\t\t\t\t\t\t\t\t\t<ul class=\"az-columns max-1-columns\">\n\t\t\t\t\t\t\t\t\t\t\t\t\t\t\t<li>\n\t\t\t\t\t\t\t\t\t<a href=\"https:\/\/colombianistas.org\/wordpress\/index.php\/2018\/07\/07\/tamayo-garcia-alba-lucia-palabras-de-agua\/\">\n\t\t\t\t\t\t\t\t\t\tTamayo Garc\u00eda, Alba Luc\u00eda. Palabras de agua\t\t\t\t\t\t\t\t\t<\/a>\n\t\t\t\t\t\t\t\t<\/li>\n\t\t\t\t\t\t\t\t\t\t\t\t\t<\/ul>\n\n\t\t\t\t\t\t<div class=\"back-to-top\">\n\t\t\t\t\t\t\t<a href=\"#a-z-listing-1\">\n\t\t\t\t\t\t\t\tBack to top\t\t\t\t\t\t\t<\/a>\n\t\t\t\t\t\t<\/div>\n\t\t\t\t\t<\/div>\n\t\t\t\t\t\t\t\t\t\t\t\t\t\t\t\t\t\t\t\t\t\t\t\t\t\t\t\t\t\t\t<\/div>\n\t<\/div>\n\t<\/div>\n\n","protected":false},"excerpt":{"rendered":"","protected":false},"author":20,"featured_media":0,"parent":41,"menu_order":0,"comment_status":"closed","ping_status":"closed","template":"","meta":{"footnotes":""},"class_list":["post-551","page","type-page","status-publish","hentry"],"_links":{"self":[{"href":"https:\/\/colombianistas.org\/wordpress\/index.php\/wp-json\/wp\/v2\/pages\/551"}],"collection":[{"href":"https:\/\/colombianistas.org\/wordpress\/index.php\/wp-json\/wp\/v2\/pages"}],"about":[{"href":"https:\/\/colombianistas.org\/wordpress\/index.php\/wp-json\/wp\/v2\/types\/page"}],"author":[{"embeddable":true,"href":"https:\/\/colombianistas.org\/wordpress\/index.php\/wp-json\/wp\/v2\/users\/20"}],"replies":[{"embeddable":true,"href":"https:\/\/colombianistas.org\/wordpress\/index.php\/wp-json\/wp\/v2\/comments?post=551"}],"version-history":[{"count":4,"href":"https:\/\/colombianistas.org\/wordpress\/index.php\/wp-json\/wp\/v2\/pages\/551\/revisions"}],"predecessor-version":[{"id":2430,"href":"https:\/\/colombianistas.org\/wordpress\/index.php\/wp-json\/wp\/v2\/pages\/551\/revisions\/2430"}],"up":[{"embeddable":true,"href":"https:\/\/colombianistas.org\/wordpress\/index.php\/wp-json\/wp\/v2\/pages\/41"}],"wp:attachment":[{"href":"https:\/\/colombianistas.org\/wordpress\/index.php\/wp-json\/wp\/v2\/media?parent=551"}],"curies":[{"name":"wp","href":"https:\/\/api.w.org\/{rel}","templated":true}]}}